{"id":9740,"date":"2018-05-07T12:48:19","date_gmt":"2018-05-07T12:48:19","guid":{"rendered":"https:\/\/tech4goodcongress.com\/home2018\/"},"modified":"2025-06-19T11:51:01","modified_gmt":"2025-06-19T11:51:01","slug":"home","status":"publish","type":"page","link":"https:\/\/tech4goodcongress.com\/es\/","title":{"rendered":"Home"},"content":{"rendered":"<div class=\"wpb-content-wrapper\"><p>[vc_row full_width=\u00bbstretch_row_content\u00bb isfullwidth=\u00bb0&#8243;][vc_column][vc_single_image image=\u00bb11644&#8243; img_size=\u00bbfull\u00bb alignment=\u00bbcenter\u00bb][rev_slider_vc alias=\u00bbslider_contenidos_cast\u00bb][\/vc_column][\/vc_row][vc_row][vc_column width=\u00bb1\/2&#8243;]    <div class=\"heading clearfix  heading- \">\r\n        <div class=\"heading-inner\">\r\n            <h2>FOTOS 2019<\/h2>\r\n                            <small class=\"subheading\">2\u00aa Edici\u00f3n<\/small>\r\n                                <\/div>\r\n    <\/div>\r\n    [vc_gallery type=\u00bbimage_grid\u00bb images=\u00bb12359,12375,12379,12385,12389,12391&#8243;][vc_message message_box_style=\u00bbsolid\u00bb style=\u00bbround\u00bb message_box_color=\u00bbvista_blue\u00bb icon_fontawesome=\u00bbfa fa-arrow-down\u00bb]<\/p>\n<p style=\"text-align: center;\"><a href=\"https:\/\/www.flickr.com\/photos\/eurecat\/albums\/72157709122143217\"><strong>CONSULTA TODAS LAS FOTOS DEL CONGRESO<\/strong><\/a><\/p>\n<p>[\/vc_message][\/vc_column][vc_column width=\u00bb1\/2&#8243;]    <div class=\"heading clearfix  heading- \">\r\n        <div class=\"heading-inner\">\r\n            <h2>V\u00cdDEOS 2019<\/h2>\r\n                            <small class=\"subheading\">2\u00aa Edici\u00f3n<\/small>\r\n                                <\/div>\r\n    <\/div>\r\n    [vc_single_image image=\u00bb12612&#8243; img_size=\u00bblarge\u00bb alignment=\u00bbcenter\u00bb onclick=\u00bbcustom_link\u00bb img_link_target=\u00bb_blank\u00bb link=\u00bbhttps:\/\/www.youtube.com\/playlist?list=PLHIPVfO2JGnpha_65TEfQ943BNLQ6961w\u00bb][vc_separator color=\u00bbwhite\u00bb][vc_message message_box_style=\u00bbsolid\u00bb style=\u00bbround\u00bb message_box_color=\u00bborange\u00bb icon_fontawesome=\u00bbfa fa-play\u00bb]<\/p>\n<p style=\"text-align: center;\"><a href=\"https:\/\/www.youtube.com\/playlist?list=PLHIPVfO2JGnpha_65TEfQ943BNLQ6961w\"><strong>CONSULTA TODOS LOS CONTENIDOS EN V\u00cdDEO<\/strong><\/a><\/p>\n<p>[\/vc_message][\/vc_column][\/vc_row][vc_row][vc_column][vc_zigzag el_border_width=\u00bb10&#8243;][\/vc_column][\/vc_row][vc_row][vc_column width=\u00bb1\/2&#8243;]    <div class=\"heading clearfix  heading- \">\r\n        <div class=\"heading-inner\">\r\n            <h2>TECH4GOOD CONGRESS<\/h2>\r\n                            <small class=\"subheading\">Biotech @ Greentech Edition<\/small>\r\n                                        <div class=\"des\">El <strong>congreso TECH4GOOD<\/strong> est\u00e1 <strong>impulsado y organizado por Eurecat<\/strong> con el fin de ofrecer una visi\u00f3n de las ideas y las tendencias de las<strong> aplicaciones de la tecnolog\u00eda que conllevan un bien para los consumidores y sociedad en general<\/strong><\/p>\n<p>Encontraremos todas aquellas tecnolog\u00edas innovadoras que buscan dar una <strong>soluci\u00f3n a los retos sociales y que han sido ideadas para tener un impacto exponencial<\/strong>, lo que aumentar\u00e1 los niveles de sofisticaci\u00f3n y competencia empresarial, adem\u00e1s, del bienestar de las personas.<\/div>\r\n                    <\/div>\r\n    <\/div>\r\n        <div class=\"heading clearfix  heading- \">\r\n        <div class=\"heading-inner\">\r\n            <h2><\/h2>\r\n                                        <div class=\"des\"><img loading=\"lazy\" decoding=\"async\" class=\"aligncenter size-full wp-image-12299\" src=\"https:\/\/tech4goodcongress.com\/wp-content\/uploads\/2019\/05\/LOGOS_WEB.jpg\" alt=\"\" width=\"799\" height=\"397\" srcset=\"https:\/\/tech4goodcongress.com\/wp-content\/uploads\/2019\/05\/LOGOS_WEB.jpg 799w, https:\/\/tech4goodcongress.com\/wp-content\/uploads\/2019\/05\/LOGOS_WEB-300x149.jpg 300w, https:\/\/tech4goodcongress.com\/wp-content\/uploads\/2019\/05\/LOGOS_WEB-768x382.jpg 768w\" sizes=\"auto, (max-width: 799px) 100vw, 799px\" \/><\/div>\r\n                    <\/div>\r\n    <\/div>\r\n    [\/vc_column][vc_column width=\u00bb1\/2&#8243;]    <div class=\"heading clearfix  heading- \">\r\n        <div class=\"heading-inner\">\r\n            <h2>Ejes tem\u00e1ticos 2019<\/h2>\r\n                            <small class=\"subheading\">2\u00aa Edici\u00f3n<\/small>\r\n                                        <div class=\"des\">La segunda edici\u00f3n del <strong>Tech4Good congress se celebrar\u00e1 el 13 de junio de 2019<\/strong> en <strong>CaixaForum Barcelona<\/strong> y pondr\u00e1 foco en dos \u00e1mbitos de aplicaci\u00f3n: <strong>Biotech &amp; GreenTech<\/strong> y m\u00e1s particularmente, <strong>en los siguientes ejes tem\u00e1ticos:<\/strong><\/p>\n<ul>\n<li>Sostenibilidad y productividad alimentaria<\/li>\n<li>Sostenibilidad, medio ambiente y econom\u00eda circular<\/li>\n<li>Econom\u00eda circular y salud<\/li>\n<\/ul>\n<p><\/div>\r\n                    <\/div>\r\n    <\/div>\r\n    [vc_separator color=\u00bbwhite\u00bb][vc_separator color=\u00bbwhite\u00bb][\/vc_column][\/vc_row][vc_row equal_height=\u00bbyes\u00bb isfullwidth=\u00bb0&#8243; el_class=\u00bbcols-nopadding\u00bb css=\u00bb.vc_custom_1526024512282{background-color: #ffffff !important;}\u00bb][vc_column width=\u00bb1\/3&#8243;][vc_separator color=\u00bbwhite\u00bb]    <div class=\"pbr-block-hover \">\r\n                            <div class=\"hover-title\">\r\n                                    SOSTENIBILIDAD Y PRODUCTIVIDAD ALIMENTARIA                            <\/div>\r\n            <\/div>\r\n    [\/vc_column][vc_column width=\u00bb1\/3&#8243;][vc_separator color=\u00bbwhite\u00bb]    <div class=\"pbr-block-hover \">\r\n                            <div class=\"hover-title\">\r\n                                    SOSTENIBILIDAD, MEDIO AMBIENTE Y ECONOM\u00cdA CIRCULAR                            <\/div>\r\n            <\/div>\r\n    [\/vc_column][vc_column width=\u00bb1\/3&#8243;][vc_separator color=\u00bbwhite\u00bb]    <div class=\"pbr-block-hover \">\r\n                            <div class=\"hover-title\">\r\n                                    ECONOM\u00cdA CIRCULAR Y SALUD                            <\/div>\r\n            <\/div>\r\n    [\/vc_column][\/vc_row][vc_row][vc_column][vc_separator color=\u00bbwhite\u00bb][\/vc_column][\/vc_row][vc_row bgstyle=\u00bbbg-style-v2&#8243;][vc_column]    <div class=\"heading clearfix  heading- \">\r\n        <div class=\"heading-inner\">\r\n            <h2>Programa 2019<\/h2>\r\n                            <small class=\"subheading\">``Un futuro m\u00e1s saludable para las personas y el planeta``<\/small>\r\n                                <\/div>\r\n    <\/div>\r\n    [pbr_singleevent_schedule layout_type=\u00bbtabs\u00bb][\/vc_column][\/vc_row][vc_row][vc_column][vc_separator color=\u00bbwhite\u00bb][\/vc_column][\/vc_row][vc_row][vc_column]    <div class=\"heading clearfix  heading- \">\r\n        <div class=\"heading-inner\">\r\n            <h2>D\u00f3nde<\/h2>\r\n                            <small class=\"subheading\">Auditorio CaixaForum Barcelona<\/small>\r\n                                <\/div>\r\n    <\/div>\r\n    [\/vc_column][\/vc_row][vc_row][vc_column][vc_gmaps link=\u00bb#E-8_JTNDaWZyYW1lJTIwc3JjJTNEJTIyaHR0cHMlM0ElMkYlMkZ3d3cuZ29vZ2xlLmNvbSUyRm1hcHMlMkZlbWJlZCUzRnBiJTNEJTIxMW0xOCUyMTFtMTIlMjExbTMlMjExZDI5OTQuMTI3ODAxOTU3MjAzMiUyMTJkMi4xNDczODYzMTU0MjUyOTMlMjEzZDQxLjM3MTMwNzk3OTI2NTU0JTIxMm0zJTIxMWYwJTIxMmYwJTIxM2YwJTIxM20yJTIxMWkxMDI0JTIxMmk3NjglMjE0ZjEzLjElMjEzbTMlMjExbTIlMjExczB4MTJhNGEyNzc1NjNhNTQyNSUyNTNBMHg4ZDA0MWZmM2FhYWU1ZTIxJTIxMnNDYWl4YUZvcnVtJTJCQmFyY2Vsb25hJTIxNWUwJTIxM20yJTIxMXNlcyUyMTJzZXMlMjE0djE1MjU5MzUwNTU3ODQlMjIlMjB3aWR0aCUzRCUyMjYwMCUyMiUyMGhlaWdodCUzRCUyMjQ1MCUyMiUyMGZyYW1lYm9yZGVyJTNEJTIyMCUyMiUyMHN0eWxlJTNEJTIyYm9yZGVyJTNBMCUyMiUyMGFsbG93ZnVsbHNjcmVlbiUzRSUzQyUyRmlmcmFtZSUzRQ==\u00bb][\/vc_column][\/vc_row][vc_row][vc_column][vc_separator color=\u00bbwhite\u00bb border_width=\u00bb10&#8243;][\/vc_column][\/vc_row][vc_row bgstyle=\u00bbbg-style-v2&#8243;][vc_column]    <div class=\"heading clearfix  heading- \">\r\n        <div class=\"heading-inner\">\r\n            <h2>\u00a1RECUERDA LA EDICI\u00d3N 2018!<\/h2>\r\n                                <\/div>\r\n    <\/div>\r\n    [\/vc_column][\/vc_row][vc_row content_placement=\u00bbmiddle\u00bb bgstyle=\u00bbbg-theme\u00bb][vc_column width=\u00bb1\/3&#8243;][vc_column_text]<\/p>\n<h4 style=\"text-align: center;\"><a href=\"https:\/\/www.flickr.com\/photos\/eurecat\/sets\/72157696316964531\" target=\"_blank\" rel=\"noopener noreferrer\"><strong>FOTOS 2018:<\/strong><\/a><\/h4>\n<p>[\/vc_column_text][vc_single_image image=\u00bb11202&#8243; img_size=\u00bbfull\u00bb alignment=\u00bbcenter\u00bb onclick=\u00bbcustom_link\u00bb img_link_target=\u00bb_blank\u00bb link=\u00bbhttps:\/\/www.flickr.com\/photos\/eurecat\/sets\/72157696316964531&#8243;][\/vc_column][vc_column width=\u00bb1\/3&#8243;][vc_column_text]<\/p>\n<h4 style=\"text-align: center;\"><a href=\"http:\/\/cdn.bdigital.org\/PDF\/TECH4GOOD18\/programa_tech4good_food.pdf\" target=\"_blank\" rel=\"noopener noreferrer\"><strong>PROGRAMA 2018:<\/strong><\/a><\/h4>\n<p>[\/vc_column_text][vc_single_image image=\u00bb11350&#8243; img_size=\u00bbfull\u00bb alignment=\u00bbcenter\u00bb onclick=\u00bbcustom_link\u00bb img_link_target=\u00bb_blank\u00bb link=\u00bbhttp:\/\/cdn.bdigital.org\/PDF\/TECH4GOOD18\/programa_tech4good_food.pdf\u00bb][\/vc_column][vc_column width=\u00bb1\/3&#8243;][vc_column_text]<\/p>\n<h4 style=\"text-align: center;\"><a href=\"https:\/\/tech4goodcongress.com\/es\/continguts-2018\/\" target=\"_blank\" rel=\"noopener noreferrer\"><strong>CONTENIDOS 2018:<\/strong><\/a><\/h4>\n<p>[\/vc_column_text][vc_single_image image=\u00bb11372&#8243; img_size=\u00bbfull\u00bb alignment=\u00bbcenter\u00bb onclick=\u00bbcustom_link\u00bb img_link_target=\u00bb_blank\u00bb link=\u00bbhttps:\/\/tech4goodcongress.com\/es\/continguts-2018\/\u00bb][\/vc_column][\/vc_row]<\/p>\n<\/div>","protected":false},"excerpt":{"rendered":"<p>[vc_row full_width=\u00bbstretch_row_content\u00bb isfullwidth=\u00bb0&#8243;][vc_column][vc_single_image image=\u00bb11644&#8243; img_size=\u00bbfull\u00bb alignment=\u00bbcenter\u00bb][rev_slider_vc alias=\u00bbslider_contenidos_cast\u00bb][\/vc_column][\/vc_row][vc_row][vc_column width=\u00bb1\/2&#8243;][vc_gallery type=\u00bbimage_grid\u00bb images=\u00bb12359,12375,12379,12385,12389,12391&#8243;][vc_message message_box_style=\u00bbsolid\u00bb style=\u00bbround\u00bb message_box_color=\u00bbvista_blue\u00bb icon_fontawesome=\u00bbfa fa-arrow-down\u00bb] CONSULTA TODAS LAS FOTOS DEL CONGRESO [\/vc_message][\/vc_column][vc_column width=\u00bb1\/2&#8243;][vc_single_image image=\u00bb12612&#8243; img_size=\u00bblarge\u00bb alignment=\u00bbcenter\u00bb onclick=\u00bbcustom_link\u00bb img_link_target=\u00bb_blank\u00bb link=\u00bbhttps:\/\/www.youtube.com\/playlist?list=PLHIPVfO2JGnpha_65TEfQ943BNLQ6961w\u00bb][vc_separator color=\u00bbwhite\u00bb][vc_message message_box_style=\u00bbsolid\u00bb style=\u00bbround\u00bb message_box_color=\u00bborange\u00bb icon_fontawesome=\u00bbfa fa-play\u00bb] CONSULTA TODOS LOS CONTENIDOS EN V\u00cdDEO [\/vc_message][\/vc_column][\/vc_row][vc_row][vc_column][vc_zigzag el_border_width=\u00bb10&#8243;][\/vc_column][\/vc_row][vc_row][vc_column width=\u00bb1\/2&#8243;][\/vc_column][vc_column width=\u00bb1\/2&#8243;][vc_separator color=\u00bbwhite\u00bb][vc_separator color=\u00bbwhite\u00bb][\/vc_column][\/vc_row][vc_row equal_height=\u00bbyes\u00bb isfullwidth=\u00bb0&#8243; el_class=\u00bbcols-nopadding\u00bb css=\u00bb.vc_custom_1526024512282{background-color: #ffffff !important;}\u00bb][vc_column width=\u00bb1\/3&#8243;][vc_separator color=\u00bbwhite\u00bb][\/vc_column][vc_column &hellip; <a href=\"https:\/\/tech4goodcongress.com\/es\/\" class=\"more-link\">Continue reading <span class=\"meta-nav\">&rarr;<\/span><span class=\"screen-reader-text\">Home<\/span> <\/a><\/p>\n","protected":false},"author":8,"featured_media":11779,"parent":0,"menu_order":0,"comment_status":"closed","ping_status":"closed","template":"","meta":{"footnotes":""},"class_list":["post-9740","page","type-page","status-publish","has-post-thumbnail","hentry"],"yoast_head":"<!-- This site is optimized with the Yoast SEO plugin v27.5 - https:\/\/yoast.com\/product\/yoast-seo-wordpress\/ -->\n<title>Tech4GoodCongress |13 de junio Biotech &amp; Greentech edition<\/title>\n<meta name=\"description\" content=\"La segunda edici\u00f3n del Tech4Good congress se celebrar\u00e1 el d\u00eda 13 de junio de 2019 en Barcelona y pondr\u00e1 foco en dos \u00e1mbitos de aplicaci\u00f3n: Biotech &amp; Greentech\" \/>\n<meta name=\"robots\" content=\"index, follow, max-snippet:-1, max-image-preview:large, max-video-preview:-1\" \/>\n<link rel=\"canonical\" href=\"https:\/\/tech4goodcongress.com\/es\/home\/\" \/>\n<meta property=\"og:locale\" content=\"es_ES\" \/>\n<meta property=\"og:type\" content=\"article\" \/>\n<meta property=\"og:title\" content=\"Tech4GoodCongress |13 de junio Biotech &amp; Greentech edition\" \/>\n<meta property=\"og:description\" content=\"La segunda edici\u00f3n del Tech4Good congress se celebrar\u00e1 el d\u00eda 13 de junio de 2019 en Barcelona y pondr\u00e1 foco en dos \u00e1mbitos de aplicaci\u00f3n: Biotech &amp; Greentech\" \/>\n<meta property=\"og:url\" content=\"https:\/\/tech4goodcongress.com\/es\/home\/\" \/>\n<meta property=\"og:site_name\" content=\"tech4goodcongress\" \/>\n<meta property=\"article:modified_time\" content=\"2025-06-19T11:51:01+00:00\" \/>\n<meta property=\"og:image\" content=\"https:\/\/tech4goodcongress.com\/wp-content\/uploads\/2019\/02\/tech4goodcongress_cast.jpg\" \/>\n\t<meta property=\"og:image:width\" content=\"723\" \/>\n\t<meta property=\"og:image:height\" content=\"353\" \/>\n\t<meta property=\"og:image:type\" content=\"image\/jpeg\" \/>\n<meta name=\"twitter:card\" content=\"summary_large_image\" \/>\n<meta name=\"twitter:label1\" content=\"Tiempo de lectura\" \/>\n\t<meta name=\"twitter:data1\" content=\"5 minutos\" \/>\n<script type=\"application\/ld+json\" class=\"yoast-schema-graph\">{\"@context\":\"https:\\\/\\\/schema.org\",\"@graph\":[{\"@type\":\"WebPage\",\"@id\":\"https:\\\/\\\/tech4goodcongress.com\\\/es\\\/home\\\/\",\"url\":\"https:\\\/\\\/tech4goodcongress.com\\\/es\\\/home\\\/\",\"name\":\"Tech4GoodCongress |13 de junio Biotech & Greentech edition\",\"isPartOf\":{\"@id\":\"https:\\\/\\\/tech4goodcongress.com\\\/#website\"},\"primaryImageOfPage\":{\"@id\":\"https:\\\/\\\/tech4goodcongress.com\\\/es\\\/home\\\/#primaryimage\"},\"image\":{\"@id\":\"https:\\\/\\\/tech4goodcongress.com\\\/es\\\/home\\\/#primaryimage\"},\"thumbnailUrl\":\"https:\\\/\\\/tech4goodcongress.com\\\/wp-content\\\/uploads\\\/2019\\\/02\\\/tech4goodcongress_cast.jpg\",\"datePublished\":\"2018-05-07T12:48:19+00:00\",\"dateModified\":\"2025-06-19T11:51:01+00:00\",\"description\":\"La segunda edici\u00f3n del Tech4Good congress se celebrar\u00e1 el d\u00eda 13 de junio de 2019 en Barcelona y pondr\u00e1 foco en dos \u00e1mbitos de aplicaci\u00f3n: Biotech & Greentech\",\"breadcrumb\":{\"@id\":\"https:\\\/\\\/tech4goodcongress.com\\\/es\\\/home\\\/#breadcrumb\"},\"inLanguage\":\"es\",\"potentialAction\":[{\"@type\":\"ReadAction\",\"target\":[\"https:\\\/\\\/tech4goodcongress.com\\\/es\\\/home\\\/\"]}]},{\"@type\":\"ImageObject\",\"inLanguage\":\"es\",\"@id\":\"https:\\\/\\\/tech4goodcongress.com\\\/es\\\/home\\\/#primaryimage\",\"url\":\"https:\\\/\\\/tech4goodcongress.com\\\/wp-content\\\/uploads\\\/2019\\\/02\\\/tech4goodcongress_cast.jpg\",\"contentUrl\":\"https:\\\/\\\/tech4goodcongress.com\\\/wp-content\\\/uploads\\\/2019\\\/02\\\/tech4goodcongress_cast.jpg\",\"width\":723,\"height\":353},{\"@type\":\"BreadcrumbList\",\"@id\":\"https:\\\/\\\/tech4goodcongress.com\\\/es\\\/home\\\/#breadcrumb\",\"itemListElement\":[{\"@type\":\"ListItem\",\"position\":1,\"name\":\"Inici\",\"item\":\"https:\\\/\\\/tech4goodcongress.com\\\/es\\\/home\\\/\"},{\"@type\":\"ListItem\",\"position\":2,\"name\":\"Home\"}]},{\"@type\":\"WebSite\",\"@id\":\"https:\\\/\\\/tech4goodcongress.com\\\/#website\",\"url\":\"https:\\\/\\\/tech4goodcongress.com\\\/\",\"name\":\"tech4goodcongress\",\"description\":\"tech4goodcongress\",\"potentialAction\":[{\"@type\":\"SearchAction\",\"target\":{\"@type\":\"EntryPoint\",\"urlTemplate\":\"https:\\\/\\\/tech4goodcongress.com\\\/?s={search_term_string}\"},\"query-input\":{\"@type\":\"PropertyValueSpecification\",\"valueRequired\":true,\"valueName\":\"search_term_string\"}}],\"inLanguage\":\"es\"}]}<\/script>\n<!-- \/ Yoast SEO plugin. -->","yoast_head_json":{"title":"Tech4GoodCongress |13 de junio Biotech & Greentech edition","description":"La segunda edici\u00f3n del Tech4Good congress se celebrar\u00e1 el d\u00eda 13 de junio de 2019 en Barcelona y pondr\u00e1 foco en dos \u00e1mbitos de aplicaci\u00f3n: Biotech & Greentech","robots":{"index":"index","follow":"follow","max-snippet":"max-snippet:-1","max-image-preview":"max-image-preview:large","max-video-preview":"max-video-preview:-1"},"canonical":"https:\/\/tech4goodcongress.com\/es\/home\/","og_locale":"es_ES","og_type":"article","og_title":"Tech4GoodCongress |13 de junio Biotech & Greentech edition","og_description":"La segunda edici\u00f3n del Tech4Good congress se celebrar\u00e1 el d\u00eda 13 de junio de 2019 en Barcelona y pondr\u00e1 foco en dos \u00e1mbitos de aplicaci\u00f3n: Biotech & Greentech","og_url":"https:\/\/tech4goodcongress.com\/es\/home\/","og_site_name":"tech4goodcongress","article_modified_time":"2025-06-19T11:51:01+00:00","og_image":[{"width":723,"height":353,"url":"https:\/\/tech4goodcongress.com\/wp-content\/uploads\/2019\/02\/tech4goodcongress_cast.jpg","type":"image\/jpeg"}],"twitter_card":"summary_large_image","twitter_misc":{"Tiempo de lectura":"5 minutos"},"schema":{"@context":"https:\/\/schema.org","@graph":[{"@type":"WebPage","@id":"https:\/\/tech4goodcongress.com\/es\/home\/","url":"https:\/\/tech4goodcongress.com\/es\/home\/","name":"Tech4GoodCongress |13 de junio Biotech & Greentech edition","isPartOf":{"@id":"https:\/\/tech4goodcongress.com\/#website"},"primaryImageOfPage":{"@id":"https:\/\/tech4goodcongress.com\/es\/home\/#primaryimage"},"image":{"@id":"https:\/\/tech4goodcongress.com\/es\/home\/#primaryimage"},"thumbnailUrl":"https:\/\/tech4goodcongress.com\/wp-content\/uploads\/2019\/02\/tech4goodcongress_cast.jpg","datePublished":"2018-05-07T12:48:19+00:00","dateModified":"2025-06-19T11:51:01+00:00","description":"La segunda edici\u00f3n del Tech4Good congress se celebrar\u00e1 el d\u00eda 13 de junio de 2019 en Barcelona y pondr\u00e1 foco en dos \u00e1mbitos de aplicaci\u00f3n: Biotech & Greentech","breadcrumb":{"@id":"https:\/\/tech4goodcongress.com\/es\/home\/#breadcrumb"},"inLanguage":"es","potentialAction":[{"@type":"ReadAction","target":["https:\/\/tech4goodcongress.com\/es\/home\/"]}]},{"@type":"ImageObject","inLanguage":"es","@id":"https:\/\/tech4goodcongress.com\/es\/home\/#primaryimage","url":"https:\/\/tech4goodcongress.com\/wp-content\/uploads\/2019\/02\/tech4goodcongress_cast.jpg","contentUrl":"https:\/\/tech4goodcongress.com\/wp-content\/uploads\/2019\/02\/tech4goodcongress_cast.jpg","width":723,"height":353},{"@type":"BreadcrumbList","@id":"https:\/\/tech4goodcongress.com\/es\/home\/#breadcrumb","itemListElement":[{"@type":"ListItem","position":1,"name":"Inici","item":"https:\/\/tech4goodcongress.com\/es\/home\/"},{"@type":"ListItem","position":2,"name":"Home"}]},{"@type":"WebSite","@id":"https:\/\/tech4goodcongress.com\/#website","url":"https:\/\/tech4goodcongress.com\/","name":"tech4goodcongress","description":"tech4goodcongress","potentialAction":[{"@type":"SearchAction","target":{"@type":"EntryPoint","urlTemplate":"https:\/\/tech4goodcongress.com\/?s={search_term_string}"},"query-input":{"@type":"PropertyValueSpecification","valueRequired":true,"valueName":"search_term_string"}}],"inLanguage":"es"}]}},"_links":{"self":[{"href":"https:\/\/tech4goodcongress.com\/es\/wp-json\/wp\/v2\/pages\/9740","targetHints":{"allow":["GET"]}}],"collection":[{"href":"https:\/\/tech4goodcongress.com\/es\/wp-json\/wp\/v2\/pages"}],"about":[{"href":"https:\/\/tech4goodcongress.com\/es\/wp-json\/wp\/v2\/types\/page"}],"author":[{"embeddable":true,"href":"https:\/\/tech4goodcongress.com\/es\/wp-json\/wp\/v2\/users\/8"}],"replies":[{"embeddable":true,"href":"https:\/\/tech4goodcongress.com\/es\/wp-json\/wp\/v2\/comments?post=9740"}],"version-history":[{"count":0,"href":"https:\/\/tech4goodcongress.com\/es\/wp-json\/wp\/v2\/pages\/9740\/revisions"}],"wp:featuredmedia":[{"embeddable":true,"href":"https:\/\/tech4goodcongress.com\/es\/wp-json\/wp\/v2\/media\/11779"}],"wp:attachment":[{"href":"https:\/\/tech4goodcongress.com\/es\/wp-json\/wp\/v2\/media?parent=9740"}],"curies":[{"name":"wp","href":"https:\/\/api.w.org\/{rel}","templated":true}]}}