{"id":9733,"date":"2018-05-07T09:08:37","date_gmt":"2018-05-07T09:08:37","guid":{"rendered":"https:\/\/tech4goodcongress.com\/congres\/"},"modified":"2025-06-19T11:50:58","modified_gmt":"2025-06-19T11:50:58","slug":"congreso","status":"publish","type":"page","link":"https:\/\/tech4goodcongress.com\/es\/congreso\/","title":{"rendered":"Congreso"},"content":{"rendered":"<div class=\"wpb-content-wrapper\"><p>[vc_row][vc_column][vc_hoverbox image=\u00bb11745&#8243; primary_title=\u00bb\u00bb hover_title=\u00bb\u00bb hover_background_color=\u00bbcustom\u00bb hover_custom_background=\u00bb#349a5a\u00bb]<span style=\"color: #ffffff;\"><strong>La\u00a02\u00aa edici\u00f3n del congreso\u00a0se celebrar\u00e1 en\u00a0CaixaForum Barcelona el d\u00eda 13 de Junio de 2019.<\/strong><\/span>[\/vc_hoverbox][\/vc_column][\/vc_row][vc_row][vc_column][vc_separator][\/vc_column][\/vc_row][vc_row][vc_column width=\u00bb1\/2&#8243;][vc_text_separator title=\u00bb\u00bfQU\u00c9 ES EL TECH4GOOD CONGRESS?\u00bb title_align=\u00bbseparator_align_left\u00bb color=\u00bbcustom\u00bb border_width=\u00bb5&#8243; accent_color=\u00bb#349a5a\u00bb][vc_column_text]El congreso <strong>TECH4GOOD est\u00e1 impulsado y organizado por Eurecat<\/strong> con el fin de ofrecer una visi\u00f3n de las <strong>ideas y las tendencias de las aplicaciones de la tecnolog\u00eda que conllevan un bien para los consumidores y en general para la sociedad.<\/strong><\/p>\n<p>Encontraremos todas aquellas tecnolog\u00edas innovadoras que buscan dar una soluci\u00f3n a los retos sociales y que han sido ideadas para tener un impacto exponencial, lo que aumentar\u00e1 los niveles de sofisticaci\u00f3n y competencia empresarial, adem\u00e1s, del bienestar de las personas.<\/p>\n<p><strong>La 2\u00aa edici\u00f3n del congreso<\/strong> se celebrar\u00e1 en <strong>CaixaForum Barcelona<\/strong>\u00a0el d\u00eda<strong>\u00a013 de Junio de 2019.<\/strong>[\/vc_column_text][\/vc_column][vc_column width=\u00bb1\/2&#8243;][vc_text_separator title=\u00bb\u00bfA QUI\u00c9N SE DIRIGE?\u00bb title_align=\u00bbseparator_align_left\u00bb color=\u00bbcustom\u00bb border_width=\u00bb5&#8243; accent_color=\u00bb#349a5a\u00bb][vc_column_text]El <strong>TECH4GOOD<\/strong> es el punto de encuentro obligado de profesionales, proveedores y empresas que quieran desarrollar proyectos en el \u00e1mbito de las tecnolog\u00edas que mejoran el bienestar de las personas, concretamente en los campos <strong>\u00a0BIOTECH &amp; GREENTECH.<\/strong><\/p>\n<p><strong>TARGET OBJETIVO:<\/strong> Business Developers, Marketing Managers, Sales Managers, I+D Managers, Senior researchers, doctorandos, CEOs.<\/p>\n<p><strong>SECTOR OBJETIVO:<\/strong> Laboratorios y\/o empresas que est\u00e9n investigando en los campos de salud, nutrici\u00f3n, agua, energ\u00edas renovables y econom\u00eda circular, centros de investigaci\u00f3n y universidades, cl\u00fasteres y asociaciones especializadas.[\/vc_column_text][\/vc_column][\/vc_row][vc_row][vc_column][vc_text_separator title=\u00bbAgentes implicados en Tech4Good\u00bb color=\u00bborange\u00bb border_width=\u00bb5&#8243;][vc_single_image image=\u00bb10480&#8243; img_size=\u00bbfull\u00bb alignment=\u00bbcenter\u00bb][\/vc_column][\/vc_row][vc_row][vc_column][vc_text_separator title=\u00bbOBJETIVOS\u00bb title_align=\u00bbseparator_align_left\u00bb color=\u00bbcustom\u00bb border_width=\u00bb5&#8243; accent_color=\u00bb#349a5a\u00bb][\/vc_column][\/vc_row][vc_row][vc_column width=\u00bb1\/3&#8243;][vc_column_text]<b>UN CONGRESO DONDE SE MOSTRAR\u00c1N LOS \u00daLTIMOS AVANCES TECNOL\u00d3GICOS.<br \/>\n<\/b>Un congreso para la reflexi\u00f3n, inspiraci\u00f3n y exhibici\u00f3n sobre los <strong>avances que gracias a la tecnolog\u00eda har\u00e1n mejorar la humanidad<\/strong> en un futuro pr\u00f3ximo y lejano. Se mostrar\u00e1n los retos sociales pero tambi\u00e9n econ\u00f3micos que afectan a las personas de forma global.[\/vc_column_text][\/vc_column][vc_column width=\u00bb1\/3&#8243;][vc_column_text]<b>ENTORNO DE INTERACCI\u00d3N Y GENERACI\u00d3N DE CONOCIMIENTO<br \/>\n<\/b>Un espacio de interacci\u00f3n entre los agentes que forman parte y potencian este ecosistema que nos conduce hacia la revoluci\u00f3n social digital.[\/vc_column_text][\/vc_column][vc_column width=\u00bb1\/3&#8243;][vc_column_text]<b>UN ESPACIO PARA MOSTRAR LOS PROYECTOS M\u00c1S INNOVADORES<br \/>\n<\/b>Un entorno donde dar visibilidad a las iniciativas y soluciones tecnol\u00f3gicas que quieren producir un impacto exponencial sobre la sociedad y ayud\u00e1ndolas a implantar en el mercado, y escalar a nivel global.<\/p>\n<p>[\/vc_column_text][\/vc_column][\/vc_row][vc_row][vc_column][vc_text_separator title=\u00bbTEM\u00c1TICAS A 3 A\u00d1OS\u00bb title_align=\u00bbseparator_align_left\u00bb color=\u00bbcustom\u00bb border_width=\u00bb5&#8243; accent_color=\u00bb#349a5a\u00bb][\/vc_column][\/vc_row][vc_row][vc_column width=\u00bb1\/4&#8243;][vc_column_text css=\u00bb.vc_custom_1561533308621{padding-top: 25px !important;padding-right: 10px !important;padding-bottom: 25px !important;padding-left: 10px !important;border-radius: 1px !important;}\u00bb]<\/p>\n<p style=\"text-align: right;\"><strong>El Congreso se estructura en dos ediciones consecutivas:<\/strong><br \/>\n<span style=\"color: #000000;\"><strong>2018 -2019<\/strong><\/span><\/p>\n<p style=\"text-align: right;\"><strong><span style=\"color: #349a5a;\">La edici\u00f3n 2019<\/span><\/strong>\u00a0se centrar\u00e1 en\u00a0dos \u00e1reas de conocimiento:<br \/>\n<span style=\"color: #349a5a;\"><strong>Biotech &amp; Greentech.<\/strong><\/span><\/p>\n<p style=\"text-align: right;\"><strong>Cada una de estas ediciones<\/strong> estar\u00e1 centrada<br \/>\nen algunos de los <strong>siguientes \u00e1mbitos de aplicaci\u00f3n:<\/strong><\/p>\n<p>[\/vc_column_text][\/vc_column][vc_column width=\u00bb3\/4&#8243;][vc_message message_box_color=\u00bbviolet\u00bb]<\/p>\n<p style=\"text-align: center;\"><strong>Programme Guidelines<\/strong><\/p>\n<p>[\/vc_message][vc_single_image image=\u00bb12476&#8243; img_size=\u00bbfull\u00bb alignment=\u00bbcenter\u00bb][vc_column_text css=\u00bb.vc_custom_1549904226891{padding-top: 25px !important;padding-right: 10px !important;padding-bottom: 25px !important;padding-left: 10px !important;border-radius: 1px !important;}\u00bb]<\/p>\n<p style=\"text-align: left;\"><span style=\"color: #b8b8b8;\">Iconos realizados por freepik desde www.flaticon.com<\/span><\/p>\n<p>[\/vc_column_text][\/vc_column][\/vc_row]<\/p>\n<\/div>","protected":false},"excerpt":{"rendered":"<p>[vc_row][vc_column][vc_hoverbox image=\u00bb11745&#8243; primary_title=\u00bb\u00bb hover_title=\u00bb\u00bb hover_background_color=\u00bbcustom\u00bb hover_custom_background=\u00bb#349a5a\u00bb]La\u00a02\u00aa edici\u00f3n del congreso\u00a0se celebrar\u00e1 en\u00a0CaixaForum Barcelona el d\u00eda 13 de Junio de 2019.[\/vc_hoverbox][\/vc_column][\/vc_row][vc_row][vc_column][vc_separator][\/vc_column][\/vc_row][vc_row][vc_column width=\u00bb1\/2&#8243;][vc_text_separator title=\u00bb\u00bfQU\u00c9 ES EL TECH4GOOD CONGRESS?\u00bb title_align=\u00bbseparator_align_left\u00bb color=\u00bbcustom\u00bb border_width=\u00bb5&#8243; accent_color=\u00bb#349a5a\u00bb][vc_column_text]El congreso TECH4GOOD est\u00e1 impulsado y organizado por Eurecat con el fin de ofrecer una visi\u00f3n de las ideas y las tendencias de las aplicaciones de la &hellip; <a href=\"https:\/\/tech4goodcongress.com\/es\/congreso\/\" class=\"more-link\">Continue reading <span class=\"meta-nav\">&rarr;<\/span><span class=\"screen-reader-text\">Congreso<\/span> <\/a><\/p>\n","protected":false},"author":8,"featured_media":0,"parent":0,"menu_order":0,"comment_status":"closed","ping_status":"closed","template":"","meta":{"footnotes":""},"class_list":["post-9733","page","type-page","status-publish","hentry"],"yoast_head":"<!-- This site is optimized with the Yoast SEO plugin v27.4 - https:\/\/yoast.com\/product\/yoast-seo-wordpress\/ -->\n<title>Congreso - tech4goodcongress<\/title>\n<meta name=\"description\" content=\"El congreso TECH4GOOD est\u00e1 impulsado y organizado por Eurecat con el fin de ofrecer una visi\u00f3n de las ideas y las tendencias de las aplicaciones de la tecnolog\u00eda que conllevan un bien para la sociedad.\" \/>\n<meta name=\"robots\" content=\"index, follow, max-snippet:-1, max-image-preview:large, max-video-preview:-1\" \/>\n<link rel=\"canonical\" href=\"https:\/\/tech4goodcongress.com\/es\/congreso\/\" \/>\n<meta property=\"og:locale\" content=\"es_ES\" \/>\n<meta property=\"og:type\" content=\"article\" \/>\n<meta property=\"og:title\" content=\"Congreso - tech4goodcongress\" \/>\n<meta property=\"og:description\" content=\"El congreso TECH4GOOD est\u00e1 impulsado y organizado por Eurecat con el fin de ofrecer una visi\u00f3n de las ideas y las tendencias de las aplicaciones de la tecnolog\u00eda que conllevan un bien para la sociedad.\" \/>\n<meta property=\"og:url\" content=\"https:\/\/tech4goodcongress.com\/es\/congreso\/\" \/>\n<meta property=\"og:site_name\" content=\"tech4goodcongress\" \/>\n<meta property=\"article:modified_time\" content=\"2025-06-19T11:50:58+00:00\" \/>\n<meta name=\"twitter:card\" content=\"summary_large_image\" \/>\n<meta name=\"twitter:label1\" content=\"Tiempo de lectura\" \/>\n\t<meta name=\"twitter:data1\" content=\"4 minutos\" \/>\n<script type=\"application\/ld+json\" class=\"yoast-schema-graph\">{\"@context\":\"https:\\\/\\\/schema.org\",\"@graph\":[{\"@type\":\"WebPage\",\"@id\":\"https:\\\/\\\/tech4goodcongress.com\\\/es\\\/congreso\\\/\",\"url\":\"https:\\\/\\\/tech4goodcongress.com\\\/es\\\/congreso\\\/\",\"name\":\"Congreso - tech4goodcongress\",\"isPartOf\":{\"@id\":\"https:\\\/\\\/tech4goodcongress.com\\\/#website\"},\"datePublished\":\"2018-05-07T09:08:37+00:00\",\"dateModified\":\"2025-06-19T11:50:58+00:00\",\"description\":\"El congreso TECH4GOOD est\u00e1 impulsado y organizado por Eurecat con el fin de ofrecer una visi\u00f3n de las ideas y las tendencias de las aplicaciones de la tecnolog\u00eda que conllevan un bien para la sociedad.\",\"breadcrumb\":{\"@id\":\"https:\\\/\\\/tech4goodcongress.com\\\/es\\\/congreso\\\/#breadcrumb\"},\"inLanguage\":\"es\",\"potentialAction\":[{\"@type\":\"ReadAction\",\"target\":[\"https:\\\/\\\/tech4goodcongress.com\\\/es\\\/congreso\\\/\"]}]},{\"@type\":\"BreadcrumbList\",\"@id\":\"https:\\\/\\\/tech4goodcongress.com\\\/es\\\/congreso\\\/#breadcrumb\",\"itemListElement\":[{\"@type\":\"ListItem\",\"position\":1,\"name\":\"Inici\",\"item\":\"https:\\\/\\\/tech4goodcongress.com\\\/es\\\/home\\\/\"},{\"@type\":\"ListItem\",\"position\":2,\"name\":\"Congreso\"}]},{\"@type\":\"WebSite\",\"@id\":\"https:\\\/\\\/tech4goodcongress.com\\\/#website\",\"url\":\"https:\\\/\\\/tech4goodcongress.com\\\/\",\"name\":\"tech4goodcongress\",\"description\":\"tech4goodcongress\",\"potentialAction\":[{\"@type\":\"SearchAction\",\"target\":{\"@type\":\"EntryPoint\",\"urlTemplate\":\"https:\\\/\\\/tech4goodcongress.com\\\/?s={search_term_string}\"},\"query-input\":{\"@type\":\"PropertyValueSpecification\",\"valueRequired\":true,\"valueName\":\"search_term_string\"}}],\"inLanguage\":\"es\"}]}<\/script>\n<!-- \/ Yoast SEO plugin. -->","yoast_head_json":{"title":"Congreso - tech4goodcongress","description":"El congreso TECH4GOOD est\u00e1 impulsado y organizado por Eurecat con el fin de ofrecer una visi\u00f3n de las ideas y las tendencias de las aplicaciones de la tecnolog\u00eda que conllevan un bien para la sociedad.","robots":{"index":"index","follow":"follow","max-snippet":"max-snippet:-1","max-image-preview":"max-image-preview:large","max-video-preview":"max-video-preview:-1"},"canonical":"https:\/\/tech4goodcongress.com\/es\/congreso\/","og_locale":"es_ES","og_type":"article","og_title":"Congreso - tech4goodcongress","og_description":"El congreso TECH4GOOD est\u00e1 impulsado y organizado por Eurecat con el fin de ofrecer una visi\u00f3n de las ideas y las tendencias de las aplicaciones de la tecnolog\u00eda que conllevan un bien para la sociedad.","og_url":"https:\/\/tech4goodcongress.com\/es\/congreso\/","og_site_name":"tech4goodcongress","article_modified_time":"2025-06-19T11:50:58+00:00","twitter_card":"summary_large_image","twitter_misc":{"Tiempo de lectura":"4 minutos"},"schema":{"@context":"https:\/\/schema.org","@graph":[{"@type":"WebPage","@id":"https:\/\/tech4goodcongress.com\/es\/congreso\/","url":"https:\/\/tech4goodcongress.com\/es\/congreso\/","name":"Congreso - tech4goodcongress","isPartOf":{"@id":"https:\/\/tech4goodcongress.com\/#website"},"datePublished":"2018-05-07T09:08:37+00:00","dateModified":"2025-06-19T11:50:58+00:00","description":"El congreso TECH4GOOD est\u00e1 impulsado y organizado por Eurecat con el fin de ofrecer una visi\u00f3n de las ideas y las tendencias de las aplicaciones de la tecnolog\u00eda que conllevan un bien para la sociedad.","breadcrumb":{"@id":"https:\/\/tech4goodcongress.com\/es\/congreso\/#breadcrumb"},"inLanguage":"es","potentialAction":[{"@type":"ReadAction","target":["https:\/\/tech4goodcongress.com\/es\/congreso\/"]}]},{"@type":"BreadcrumbList","@id":"https:\/\/tech4goodcongress.com\/es\/congreso\/#breadcrumb","itemListElement":[{"@type":"ListItem","position":1,"name":"Inici","item":"https:\/\/tech4goodcongress.com\/es\/home\/"},{"@type":"ListItem","position":2,"name":"Congreso"}]},{"@type":"WebSite","@id":"https:\/\/tech4goodcongress.com\/#website","url":"https:\/\/tech4goodcongress.com\/","name":"tech4goodcongress","description":"tech4goodcongress","potentialAction":[{"@type":"SearchAction","target":{"@type":"EntryPoint","urlTemplate":"https:\/\/tech4goodcongress.com\/?s={search_term_string}"},"query-input":{"@type":"PropertyValueSpecification","valueRequired":true,"valueName":"search_term_string"}}],"inLanguage":"es"}]}},"_links":{"self":[{"href":"https:\/\/tech4goodcongress.com\/es\/wp-json\/wp\/v2\/pages\/9733","targetHints":{"allow":["GET"]}}],"collection":[{"href":"https:\/\/tech4goodcongress.com\/es\/wp-json\/wp\/v2\/pages"}],"about":[{"href":"https:\/\/tech4goodcongress.com\/es\/wp-json\/wp\/v2\/types\/page"}],"author":[{"embeddable":true,"href":"https:\/\/tech4goodcongress.com\/es\/wp-json\/wp\/v2\/users\/8"}],"replies":[{"embeddable":true,"href":"https:\/\/tech4goodcongress.com\/es\/wp-json\/wp\/v2\/comments?post=9733"}],"version-history":[{"count":0,"href":"https:\/\/tech4goodcongress.com\/es\/wp-json\/wp\/v2\/pages\/9733\/revisions"}],"wp:attachment":[{"href":"https:\/\/tech4goodcongress.com\/es\/wp-json\/wp\/v2\/media?parent=9733"}],"curies":[{"name":"wp","href":"https:\/\/api.w.org\/{rel}","templated":true}]}}